{"id":4610,"date":"2023-08-03T14:07:29","date_gmt":"2023-08-03T12:07:29","guid":{"rendered":"https:\/\/flexbox.ch\/page\/?page_id=4610"},"modified":"2023-11-01T12:08:18","modified_gmt":"2023-11-01T11:08:18","slug":"professionnels-les-avantages-dun-garde-meubles","status":"publish","type":"page","link":"https:\/\/flexbox.ch\/page\/professionnels-les-avantages-dun-garde-meubles\/","title":{"rendered":"Professionnels : Les avantages d&rsquo;un garde-meubles"},"content":{"rendered":"\t\t<div data-elementor-type=\"wp-page\" data-elementor-id=\"4610\" class=\"elementor elementor-4610\" data-elementor-post-type=\"page\">\n\t\t\t\t\t\t<section class=\"elementor-section elementor-top-section elementor-element elementor-element-0c18c6f elementor-section-full_width elementor-section-height-default elementor-section-height-default\" data-id=\"0c18c6f\" data-element_type=\"section\" data-settings=\"{&quot;background_background&quot;:&quot;classic&quot;,&quot;shape_divider_bottom&quot;:&quot;triangle&quot;}\">\n\t\t\t\t\t\t\t<div class=\"elementor-background-overlay\"><\/div>\n\t\t\t\t\t\t<div class=\"elementor-shape elementor-shape-bottom\" aria-hidden=\"true\" data-negative=\"false\">\n\t\t\t<svg xmlns=\"http:\/\/www.w3.org\/2000\/svg\" viewBox=\"0 0 1000 100\" preserveAspectRatio=\"none\">\n\t<path class=\"elementor-shape-fill\" d=\"M500,98.9L0,6.1V0h1000v6.1L500,98.9z\"\/>\n<\/svg>\t\t<\/div>\n\t\t\t\t\t<div class=\"elementor-container elementor-column-gap-no\">\n\t\t\t\t\t<div class=\"elementor-column elementor-col-100 elementor-top-column elementor-element elementor-element-1401613\" data-id=\"1401613\" data-element_type=\"column\">\n\t\t\t<div class=\"elementor-widget-wrap elementor-element-populated\">\n\t\t\t\t\t\t<div class=\"elementor-element elementor-element-271ddc5 elementor-widget elementor-widget-spacer\" data-id=\"271ddc5\" data-element_type=\"widget\" data-widget_type=\"spacer.default\">\n\t\t\t\t<div class=\"elementor-widget-container\">\n\t\t\t\t\t\t\t<div class=\"elementor-spacer\">\n\t\t\t<div class=\"elementor-spacer-inner\"><\/div>\n\t\t<\/div>\n\t\t\t\t\t\t<\/div>\n\t\t\t\t<\/div>\n\t\t\t\t<div class=\"elementor-element elementor-element-5a47717 elementor-widget elementor-widget-heading\" data-id=\"5a47717\" data-element_type=\"widget\" data-widget_type=\"heading.default\">\n\t\t\t\t<div class=\"elementor-widget-container\">\n\t\t\t\t\t<h1 class=\"elementor-heading-title elementor-size-default\">Professionnels - Garde-meubles<\/h1>\t\t\t\t<\/div>\n\t\t\t\t<\/div>\n\t\t\t\t<div class=\"elementor-element elementor-element-8a257c4 elementor-widget elementor-widget-text-editor\" data-id=\"8a257c4\" data-element_type=\"widget\" data-widget_type=\"text-editor.default\">\n\t\t\t\t<div class=\"elementor-widget-container\">\n\t\t\t\t\t\t\t\t\t<p>Vous avez un besoin d&rsquo;entreposage ? D\u00e9couvrez les avantages d&rsquo;un garde-meubles<\/p>\t\t\t\t\t\t\t\t<\/div>\n\t\t\t\t<\/div>\n\t\t\t\t<div class=\"elementor-element elementor-element-7685351 elementor-align-center btnreservationenligne elementor-widget elementor-widget-button\" data-id=\"7685351\" data-element_type=\"widget\" data-widget_type=\"button.default\">\n\t\t\t\t<div class=\"elementor-widget-container\">\n\t\t\t\t\t\t\t\t\t<div class=\"elementor-button-wrapper\">\n\t\t\t\t\t<a class=\"elementor-button elementor-button-link elementor-size-sm\" href=\"\/\">\n\t\t\t\t\t\t<span class=\"elementor-button-content-wrapper\">\n\t\t\t\t\t\t<span class=\"elementor-button-icon\">\n\t\t\t\t<i aria-hidden=\"true\" class=\"fas fa-mouse-pointer\"><\/i>\t\t\t<\/span>\n\t\t\t\t\t\t\t\t\t<span class=\"elementor-button-text\">Tarif \/ r\u00e9servation \/ Devis<\/span>\n\t\t\t\t\t<\/span>\n\t\t\t\t\t<\/a>\n\t\t\t\t<\/div>\n\t\t\t\t\t\t\t\t<\/div>\n\t\t\t\t<\/div>\n\t\t\t\t\t<\/div>\n\t\t<\/div>\n\t\t\t\t\t<\/div>\n\t\t<\/section>\n\t\t\t\t<section class=\"elementor-section elementor-top-section elementor-element elementor-element-239dcbc2 elementor-section-content-middle elementor-reverse-tablet elementor-section-boxed elementor-section-height-default elementor-section-height-default\" data-id=\"239dcbc2\" data-element_type=\"section\" data-settings=\"{&quot;background_background&quot;:&quot;classic&quot;}\">\n\t\t\t\t\t\t<div class=\"elementor-container elementor-column-gap-default\">\n\t\t\t\t\t<div class=\"elementor-column elementor-col-50 elementor-top-column elementor-element elementor-element-16ba5047\" data-id=\"16ba5047\" data-element_type=\"column\" data-settings=\"{&quot;background_background&quot;:&quot;classic&quot;}\">\n\t\t\t<div class=\"elementor-widget-wrap elementor-element-populated\">\n\t\t\t\t\t<div class=\"elementor-background-overlay\"><\/div>\n\t\t\t\t\t\t<section class=\"elementor-section elementor-inner-section elementor-element elementor-element-9efadb6 elementor-section-boxed elementor-section-height-default elementor-section-height-default\" data-id=\"9efadb6\" data-element_type=\"section\">\n\t\t\t\t\t\t<div class=\"elementor-container elementor-column-gap-default\">\n\t\t\t\t\t<div class=\"elementor-column elementor-col-50 elementor-inner-column elementor-element elementor-element-74d9dcf0\" data-id=\"74d9dcf0\" data-element_type=\"column\">\n\t\t\t<div class=\"elementor-widget-wrap elementor-element-populated\">\n\t\t\t\t\t\t<div class=\"elementor-element elementor-element-6884a4f4 elementor-widget elementor-widget-image\" data-id=\"6884a4f4\" data-element_type=\"widget\" data-widget_type=\"image.default\">\n\t\t\t\t<div class=\"elementor-widget-container\">\n\t\t\t\t\t\t\t\t\t\t\t\t\t\t\t<img fetchpriority=\"high\" decoding=\"async\" width=\"768\" height=\"1152\" src=\"https:\/\/flexbox.ch\/page\/wp-content\/uploads\/2023\/08\/cartons-garde-meubles-768x1152.jpg\" class=\"elementor-animation-bob attachment-medium_large size-medium_large wp-image-4797\" alt=\"Cartons dans un garde-meubles\" srcset=\"https:\/\/flexbox.ch\/page\/wp-content\/uploads\/2023\/08\/cartons-garde-meubles-768x1152.jpg 768w, https:\/\/flexbox.ch\/page\/wp-content\/uploads\/2023\/08\/cartons-garde-meubles-200x300.jpg 200w, https:\/\/flexbox.ch\/page\/wp-content\/uploads\/2023\/08\/cartons-garde-meubles-682x1024.jpg 682w, https:\/\/flexbox.ch\/page\/wp-content\/uploads\/2023\/08\/cartons-garde-meubles-1024x1536.jpg 1024w, https:\/\/flexbox.ch\/page\/wp-content\/uploads\/2023\/08\/cartons-garde-meubles.jpg 1333w\" sizes=\"(max-width: 768px) 100vw, 768px\" \/>\t\t\t\t\t\t\t\t\t\t\t\t\t\t\t<\/div>\n\t\t\t\t<\/div>\n\t\t\t\t\t<\/div>\n\t\t<\/div>\n\t\t\t\t<div class=\"elementor-column elementor-col-50 elementor-inner-column elementor-element elementor-element-42e69a21\" data-id=\"42e69a21\" data-element_type=\"column\">\n\t\t\t<div class=\"elementor-widget-wrap elementor-element-populated\">\n\t\t\t\t\t\t<div class=\"elementor-element elementor-element-38f4381b elementor-widget elementor-widget-image\" data-id=\"38f4381b\" data-element_type=\"widget\" data-widget_type=\"image.default\">\n\t\t\t\t<div class=\"elementor-widget-container\">\n\t\t\t\t\t\t\t\t\t\t\t\t\t\t\t<img decoding=\"async\" width=\"768\" height=\"512\" src=\"https:\/\/flexbox.ch\/page\/wp-content\/uploads\/2021\/12\/porter-carrying-boxes-in-a-warehouse-768x512.jpg\" class=\"elementor-animation-bob attachment-medium_large size-medium_large wp-image-325\" alt=\"Porter carrying boxes in a warehouse\" srcset=\"https:\/\/flexbox.ch\/page\/wp-content\/uploads\/2021\/12\/porter-carrying-boxes-in-a-warehouse-768x512.jpg 768w, https:\/\/flexbox.ch\/page\/wp-content\/uploads\/2021\/12\/porter-carrying-boxes-in-a-warehouse-300x200.jpg 300w, https:\/\/flexbox.ch\/page\/wp-content\/uploads\/2021\/12\/porter-carrying-boxes-in-a-warehouse-1024x682.jpg 1024w, https:\/\/flexbox.ch\/page\/wp-content\/uploads\/2021\/12\/porter-carrying-boxes-in-a-warehouse-1536x1024.jpg 1536w, https:\/\/flexbox.ch\/page\/wp-content\/uploads\/2021\/12\/porter-carrying-boxes-in-a-warehouse.jpg 1920w\" sizes=\"(max-width: 768px) 100vw, 768px\" \/>\t\t\t\t\t\t\t\t\t\t\t\t\t\t\t<\/div>\n\t\t\t\t<\/div>\n\t\t\t\t<div class=\"elementor-element elementor-element-bf69d4f elementor-widget-divider--view-line elementor-widget elementor-widget-divider\" data-id=\"bf69d4f\" data-element_type=\"widget\" data-widget_type=\"divider.default\">\n\t\t\t\t<div class=\"elementor-widget-container\">\n\t\t\t\t\t\t\t<div class=\"elementor-divider\">\n\t\t\t<span class=\"elementor-divider-separator\">\n\t\t\t\t\t\t<\/span>\n\t\t<\/div>\n\t\t\t\t\t\t<\/div>\n\t\t\t\t<\/div>\n\t\t\t\t<div class=\"elementor-element elementor-element-4abd46e5 elementor-widget elementor-widget-image\" data-id=\"4abd46e5\" data-element_type=\"widget\" data-widget_type=\"image.default\">\n\t\t\t\t<div class=\"elementor-widget-container\">\n\t\t\t\t\t\t\t\t\t\t\t\t\t\t\t<img decoding=\"async\" width=\"768\" height=\"354\" src=\"https:\/\/flexbox.ch\/page\/wp-content\/uploads\/2023\/08\/dechargement-stockage-entreprise-768x354.jpg\" class=\"elementor-animation-bob attachment-medium_large size-medium_large wp-image-4775\" alt=\"\" srcset=\"https:\/\/flexbox.ch\/page\/wp-content\/uploads\/2023\/08\/dechargement-stockage-entreprise-768x354.jpg 768w, https:\/\/flexbox.ch\/page\/wp-content\/uploads\/2023\/08\/dechargement-stockage-entreprise-300x138.jpg 300w, https:\/\/flexbox.ch\/page\/wp-content\/uploads\/2023\/08\/dechargement-stockage-entreprise-1024x472.jpg 1024w, https:\/\/flexbox.ch\/page\/wp-content\/uploads\/2023\/08\/dechargement-stockage-entreprise-1536x707.jpg 1536w, https:\/\/flexbox.ch\/page\/wp-content\/uploads\/2023\/08\/dechargement-stockage-entreprise.jpg 1900w\" sizes=\"(max-width: 768px) 100vw, 768px\" \/>\t\t\t\t\t\t\t\t\t\t\t\t\t\t\t<\/div>\n\t\t\t\t<\/div>\n\t\t\t\t\t<\/div>\n\t\t<\/div>\n\t\t\t\t\t<\/div>\n\t\t<\/section>\n\t\t\t\t\t<\/div>\n\t\t<\/div>\n\t\t\t\t<div class=\"elementor-column elementor-col-50 elementor-top-column elementor-element elementor-element-5c73ec45\" data-id=\"5c73ec45\" data-element_type=\"column\">\n\t\t\t<div class=\"elementor-widget-wrap elementor-element-populated\">\n\t\t\t\t\t\t<div class=\"elementor-element elementor-element-70716b12 elementor-widget elementor-widget-heading\" data-id=\"70716b12\" data-element_type=\"widget\" data-widget_type=\"heading.default\">\n\t\t\t\t<div class=\"elementor-widget-container\">\n\t\t\t\t\t<h2 class=\"elementor-heading-title elementor-size-default\">Pourquoi les professionnels ont-ils besoin d'un garde-meubles ?\n\n<\/h2>\t\t\t\t<\/div>\n\t\t\t\t<\/div>\n\t\t\t\t<div class=\"elementor-element elementor-element-ea08a5a elementor-widget-divider--view-line elementor-widget elementor-widget-divider\" data-id=\"ea08a5a\" data-element_type=\"widget\" data-widget_type=\"divider.default\">\n\t\t\t\t<div class=\"elementor-widget-container\">\n\t\t\t\t\t\t\t<div class=\"elementor-divider\">\n\t\t\t<span class=\"elementor-divider-separator\">\n\t\t\t\t\t\t<\/span>\n\t\t<\/div>\n\t\t\t\t\t\t<\/div>\n\t\t\t\t<\/div>\n\t\t\t\t<div class=\"elementor-element elementor-element-743dcee0 elementor-widget elementor-widget-text-editor\" data-id=\"743dcee0\" data-element_type=\"widget\" data-widget_type=\"text-editor.default\">\n\t\t\t\t<div class=\"elementor-widget-container\">\n\t\t\t\t\t\t\t\t\t<p>Les entreprises, en particulier les petites et moyennes entreprises, peuvent b\u00e9n\u00e9ficier d&rsquo;un espace de stockage suppl\u00e9mentaire, notamment pour stocker leurs produits et marchandises de fa\u00e7on s\u00e9curis\u00e9e.<br \/><br \/>Les locaux commerciaux ne disposent souvent pas de suffisamment d&rsquo;espace de stockage et le garde-meubles peut donc \u00eatre une solution pratique pour stocker les biens des professionnels en toute s\u00e9curit\u00e9.<\/p>\t\t\t\t\t\t\t\t<\/div>\n\t\t\t\t<\/div>\n\t\t\t\t\t<\/div>\n\t\t<\/div>\n\t\t\t\t\t<\/div>\n\t\t<\/section>\n\t\t\t\t<section class=\"elementor-section elementor-top-section elementor-element elementor-element-3b726f4a elementor-section-content-middle elementor-section-boxed elementor-section-height-default elementor-section-height-default\" data-id=\"3b726f4a\" data-element_type=\"section\" data-settings=\"{&quot;background_background&quot;:&quot;classic&quot;,&quot;shape_divider_top&quot;:&quot;triangle&quot;,&quot;shape_divider_bottom&quot;:&quot;triangle&quot;}\">\n\t\t\t\t\t\t\t<div class=\"elementor-background-overlay\"><\/div>\n\t\t\t\t\t\t<div class=\"elementor-shape elementor-shape-top\" aria-hidden=\"true\" data-negative=\"false\">\n\t\t\t<svg xmlns=\"http:\/\/www.w3.org\/2000\/svg\" viewBox=\"0 0 1000 100\" preserveAspectRatio=\"none\">\n\t<path class=\"elementor-shape-fill\" d=\"M500,98.9L0,6.1V0h1000v6.1L500,98.9z\"\/>\n<\/svg>\t\t<\/div>\n\t\t\t\t<div class=\"elementor-shape elementor-shape-bottom\" aria-hidden=\"true\" data-negative=\"false\">\n\t\t\t<svg xmlns=\"http:\/\/www.w3.org\/2000\/svg\" viewBox=\"0 0 1000 100\" preserveAspectRatio=\"none\">\n\t<path class=\"elementor-shape-fill\" d=\"M500,98.9L0,6.1V0h1000v6.1L500,98.9z\"\/>\n<\/svg>\t\t<\/div>\n\t\t\t\t\t<div class=\"elementor-container elementor-column-gap-no\">\n\t\t\t\t\t<div class=\"elementor-column elementor-col-100 elementor-top-column elementor-element elementor-element-406febbc\" data-id=\"406febbc\" data-element_type=\"column\">\n\t\t\t<div class=\"elementor-widget-wrap elementor-element-populated\">\n\t\t\t\t\t\t<div class=\"elementor-element elementor-element-1361ee7d elementor-widget elementor-widget-heading\" data-id=\"1361ee7d\" data-element_type=\"widget\" data-widget_type=\"heading.default\">\n\t\t\t\t<div class=\"elementor-widget-container\">\n\t\t\t\t\t<h3 class=\"elementor-heading-title elementor-size-default\">Vous \u00eates un professionnel et vous manquez de place ?<\/h3>\t\t\t\t<\/div>\n\t\t\t\t<\/div>\n\t\t\t\t<div class=\"elementor-element elementor-element-670784b elementor-align-center btnreservationenligne elementor-widget elementor-widget-button\" data-id=\"670784b\" data-element_type=\"widget\" data-widget_type=\"button.default\">\n\t\t\t\t<div class=\"elementor-widget-container\">\n\t\t\t\t\t\t\t\t\t<div class=\"elementor-button-wrapper\">\n\t\t\t\t\t<a class=\"elementor-button elementor-button-link elementor-size-sm\" href=\"\/\">\n\t\t\t\t\t\t<span class=\"elementor-button-content-wrapper\">\n\t\t\t\t\t\t\t\t\t<span class=\"elementor-button-text\">Tarif \/ r\u00e9servation \/ Devis<\/span>\n\t\t\t\t\t<\/span>\n\t\t\t\t\t<\/a>\n\t\t\t\t<\/div>\n\t\t\t\t\t\t\t\t<\/div>\n\t\t\t\t<\/div>\n\t\t\t\t\t<\/div>\n\t\t<\/div>\n\t\t\t\t\t<\/div>\n\t\t<\/section>\n\t\t\t\t<section class=\"elementor-section elementor-top-section elementor-element elementor-element-d25ff26 elementor-section-content-top elementor-reverse-tablet elementor-section-boxed elementor-section-height-default elementor-section-height-default\" data-id=\"d25ff26\" data-element_type=\"section\" data-settings=\"{&quot;background_background&quot;:&quot;classic&quot;}\">\n\t\t\t\t\t\t<div class=\"elementor-container elementor-column-gap-default\">\n\t\t\t\t\t<div class=\"elementor-column elementor-col-50 elementor-top-column elementor-element elementor-element-9a6dbb3\" data-id=\"9a6dbb3\" data-element_type=\"column\">\n\t\t\t<div class=\"elementor-widget-wrap elementor-element-populated\">\n\t\t\t\t\t\t<div class=\"elementor-element elementor-element-b176edf elementor-widget elementor-widget-heading\" data-id=\"b176edf\" data-element_type=\"widget\" data-widget_type=\"heading.default\">\n\t\t\t\t<div class=\"elementor-widget-container\">\n\t\t\t\t\t<h2 class=\"elementor-heading-title elementor-size-default\">Les avantages d'un garde-meubles pour les professionnels<\/h2>\t\t\t\t<\/div>\n\t\t\t\t<\/div>\n\t\t\t\t<div class=\"elementor-element elementor-element-f93641a elementor-widget-divider--view-line elementor-widget elementor-widget-divider\" data-id=\"f93641a\" data-element_type=\"widget\" data-widget_type=\"divider.default\">\n\t\t\t\t<div class=\"elementor-widget-container\">\n\t\t\t\t\t\t\t<div class=\"elementor-divider\">\n\t\t\t<span class=\"elementor-divider-separator\">\n\t\t\t\t\t\t<\/span>\n\t\t<\/div>\n\t\t\t\t\t\t<\/div>\n\t\t\t\t<\/div>\n\t\t\t\t<div class=\"elementor-element elementor-element-446c501 elementor-widget elementor-widget-text-editor\" data-id=\"446c501\" data-element_type=\"widget\" data-widget_type=\"text-editor.default\">\n\t\t\t\t<div class=\"elementor-widget-container\">\n\t\t\t\t\t\t\t\t\t<h3>Stockage de tous les types de biens<\/h3><p>Les entreprises ont besoin de stocker une grande vari\u00e9t\u00e9 de biens tels que des outils, des \u00e9quipements, des fournitures de bureau, des archives, des meubles, des stands, des d\u00e9cors, etc\u2026<\/p><p>Les garde-meubles sont adapt\u00e9s pour stocker tous ces types de biens et peuvent offrir des espaces de stockage de diff\u00e9rentes tailles, cloisons, racks, etc\u2026 pour r\u00e9pondre \u00e0 tous les besoins de stockage des professionnels.<\/p><h3>Flexibilit\u00e9 de stockage<\/h3><p>Les garde-meubles offrent une grande flexibilit\u00e9 en termes de location d&rsquo;espace de stockage.<\/p><p><br \/>Que vous ayez besoin d&rsquo;un petit ou d&rsquo;un grand espace, pour une courte p\u00e9riode ou pour plusieurs mois, vous pouvez choisir l&rsquo;option qui vous convient le mieux.<\/p><p>Vous pouvez \u00e9galement modifier la taille de votre espace lorsque vos besoins changent.<\/p><h3>S\u00e9curit\u00e9<\/h3><p>La s\u00e9curit\u00e9 des biens stock\u00e9s est primordiale pour les professionnels.<\/p><p>Les garde-meubles sont \u00e9quip\u00e9s de mesures de s\u00e9curit\u00e9 avanc\u00e9es telles que des syst\u00e8mes de vid\u00e9osurveillance, des alarmes individuelles sur chaque box, de la d\u00e9tection incendie et des contr\u00f4les d\u2019acc\u00e8s pour prot\u00e9ger les biens stock\u00e9s.<\/p><p>Les entreprises peuvent \u00eatre s\u00fbres que leurs biens sont stock\u00e9s en toute s\u00e9curit\u00e9 et prot\u00e9g\u00e9s contre toute perte ou dommage.<\/p><h3>Gain d&rsquo;espace<\/h3><p>Les entreprises ont besoin de suffisamment d&rsquo;espace pour travailler efficacement, mais l&rsquo;espace peut \u00eatre limit\u00e9 dans les locaux commerciaux.<\/p><p>Le stockage de biens dans un garde-meubles peut aider \u00e0 lib\u00e9rer de l&rsquo;espace dans votre entreprise, ce qui permettra d&rsquo;accro\u00eetre votre productivit\u00e9 et d&rsquo;optimiser votre espace de travail.<\/p><h3>\u00c9conomique<\/h3><p>Les garde-meubles sont une option \u00e9conomique pour les entreprises qui cherchent \u00e0 stocker leurs biens en toute s\u00e9curit\u00e9.<\/p><p>Le co\u00fbt de la location d&rsquo;un espace de stockage est g\u00e9n\u00e9ralement beaucoup moins \u00e9lev\u00e9 que celui de l&rsquo;achat ou de la location de locaux commerciaux plus grands pour stocker les biens.<\/p><h3>Accessibilit\u00e9<\/h3><p>Les garde-meubles offrent aux entreprises un acc\u00e8s facile et pratique \u00e0 leurs biens stock\u00e9s, \u00e0 tout moment, 7 jours sur 7,\u00a0 pendant les heures d&rsquo;ouverture.<\/p><p>Les entreprises peuvent r\u00e9cup\u00e9rer leurs biens en un rien de temps, sans l&rsquo;assistance de personne.<\/p>\t\t\t\t\t\t\t\t<\/div>\n\t\t\t\t<\/div>\n\t\t\t\t\t<\/div>\n\t\t<\/div>\n\t\t\t\t<div class=\"elementor-column elementor-col-50 elementor-top-column elementor-element elementor-element-c6a2470\" data-id=\"c6a2470\" data-element_type=\"column\" data-settings=\"{&quot;background_background&quot;:&quot;classic&quot;}\">\n\t\t\t<div class=\"elementor-widget-wrap elementor-element-populated\">\n\t\t\t\t\t<div class=\"elementor-background-overlay\"><\/div>\n\t\t\t\t\t\t<section class=\"elementor-section elementor-inner-section elementor-element elementor-element-72375f9 elementor-section-boxed elementor-section-height-default elementor-section-height-default\" data-id=\"72375f9\" data-element_type=\"section\" data-settings=\"{&quot;background_background&quot;:&quot;classic&quot;}\">\n\t\t\t\t\t\t<div class=\"elementor-container elementor-column-gap-default\">\n\t\t\t\t\t<div class=\"elementor-column elementor-col-50 elementor-inner-column elementor-element elementor-element-03c41a6\" data-id=\"03c41a6\" data-element_type=\"column\">\n\t\t\t<div class=\"elementor-widget-wrap elementor-element-populated\">\n\t\t\t\t\t\t<div class=\"elementor-element elementor-element-e54d632 elementor-view-default elementor-widget elementor-widget-icon\" data-id=\"e54d632\" data-element_type=\"widget\" data-widget_type=\"icon.default\">\n\t\t\t\t<div class=\"elementor-widget-container\">\n\t\t\t\t\t\t\t<div class=\"elementor-icon-wrapper\">\n\t\t\t<div class=\"elementor-icon\">\n\t\t\t<i aria-hidden=\"true\" class=\"far fa-hand-point-right\"><\/i>\t\t\t<\/div>\n\t\t<\/div>\n\t\t\t\t\t\t<\/div>\n\t\t\t\t<\/div>\n\t\t\t\t\t<\/div>\n\t\t<\/div>\n\t\t\t\t<div class=\"elementor-column elementor-col-50 elementor-inner-column elementor-element elementor-element-45eef94\" data-id=\"45eef94\" data-element_type=\"column\">\n\t\t\t<div class=\"elementor-widget-wrap elementor-element-populated\">\n\t\t\t\t\t\t<div class=\"elementor-element elementor-element-68b1f39 elementor-widget elementor-widget-heading\" data-id=\"68b1f39\" data-element_type=\"widget\" data-widget_type=\"heading.default\">\n\t\t\t\t<div class=\"elementor-widget-container\">\n\t\t\t\t\t<h3 class=\"elementor-heading-title elementor-size-default\">Conclusion<\/h3>\t\t\t\t<\/div>\n\t\t\t\t<\/div>\n\t\t\t\t<div class=\"elementor-element elementor-element-2febf00 elementor-widget elementor-widget-text-editor\" data-id=\"2febf00\" data-element_type=\"widget\" data-widget_type=\"text-editor.default\">\n\t\t\t\t<div class=\"elementor-widget-container\">\n\t\t\t\t\t\t\t\t\t<p>Le garde-meubles est une solution pratique, \u00e9conomique et s\u00fbre pour les professionnels qui ont besoin d&rsquo;un espace de stockage suppl\u00e9mentaire pour leurs biens.<\/p><p>Les avantages incluent la flexibilit\u00e9 des dur\u00e9es de location, la s\u00e9curit\u00e9 des entrep\u00f4ts, la location d&rsquo;espaces de stockage pour tous les types de biens, des rabais et remises en fonction de la dur\u00e9e de stockage et une meilleure productivit\u00e9 gr\u00e2ce \u00e0 l&rsquo;optimisation de l&rsquo;espace de travail.<\/p><p>Si votre entreprise a besoin d&rsquo;un espace de stockage temporaire ou permanent, envisagez un garde-meubles pour stocker vos biens en toute s\u00e9curit\u00e9.<\/p>\t\t\t\t\t\t\t\t<\/div>\n\t\t\t\t<\/div>\n\t\t\t\t\t<\/div>\n\t\t<\/div>\n\t\t\t\t\t<\/div>\n\t\t<\/section>\n\t\t\t\t<section class=\"elementor-section elementor-inner-section elementor-element elementor-element-ede6c34 elementor-section-boxed elementor-section-height-default elementor-section-height-default\" data-id=\"ede6c34\" data-element_type=\"section\">\n\t\t\t\t\t\t<div class=\"elementor-container elementor-column-gap-default\">\n\t\t\t\t\t<div class=\"elementor-column elementor-col-50 elementor-inner-column elementor-element elementor-element-37881b8\" data-id=\"37881b8\" data-element_type=\"column\" data-settings=\"{&quot;motion_fx_motion_fx_scrolling&quot;:&quot;yes&quot;,&quot;motion_fx_translateY_effect&quot;:&quot;yes&quot;,&quot;motion_fx_translateY_direction&quot;:&quot;negative&quot;,&quot;motion_fx_translateY_speed&quot;:{&quot;unit&quot;:&quot;px&quot;,&quot;size&quot;:8.1,&quot;sizes&quot;:[]},&quot;motion_fx_translateY_affectedRange&quot;:{&quot;unit&quot;:&quot;%&quot;,&quot;size&quot;:&quot;&quot;,&quot;sizes&quot;:{&quot;start&quot;:53,&quot;end&quot;:100}},&quot;motion_fx_devices&quot;:[&quot;desktop&quot;,&quot;tablet&quot;,&quot;mobile&quot;]}\">\n\t\t\t<div class=\"elementor-widget-wrap elementor-element-populated\">\n\t\t\t\t\t\t<div class=\"elementor-element elementor-element-ed85c86 elementor-widget elementor-widget-image\" data-id=\"ed85c86\" data-element_type=\"widget\" data-widget_type=\"image.default\">\n\t\t\t\t<div class=\"elementor-widget-container\">\n\t\t\t\t\t\t\t\t\t\t\t\t\t\t\t<img loading=\"lazy\" decoding=\"async\" width=\"740\" height=\"1206\" src=\"https:\/\/flexbox.ch\/page\/wp-content\/uploads\/2023\/02\/garde-meubles-geneve.jpg\" class=\"elementor-animation-bob attachment-medium_large size-medium_large wp-image-3912\" alt=\"garde-meubles \u00e0 Gen\u00e8ve\" srcset=\"https:\/\/flexbox.ch\/page\/wp-content\/uploads\/2023\/02\/garde-meubles-geneve.jpg 740w, https:\/\/flexbox.ch\/page\/wp-content\/uploads\/2023\/02\/garde-meubles-geneve-184x300.jpg 184w, https:\/\/flexbox.ch\/page\/wp-content\/uploads\/2023\/02\/garde-meubles-geneve-628x1024.jpg 628w\" sizes=\"(max-width: 740px) 100vw, 740px\" \/>\t\t\t\t\t\t\t\t\t\t\t\t\t\t\t<\/div>\n\t\t\t\t<\/div>\n\t\t\t\t\t<\/div>\n\t\t<\/div>\n\t\t\t\t<div class=\"elementor-column elementor-col-50 elementor-inner-column elementor-element elementor-element-58e71f0\" data-id=\"58e71f0\" data-element_type=\"column\" data-settings=\"{&quot;motion_fx_motion_fx_scrolling&quot;:&quot;yes&quot;,&quot;motion_fx_translateY_effect&quot;:&quot;yes&quot;,&quot;motion_fx_translateY_direction&quot;:&quot;negative&quot;,&quot;motion_fx_translateY_speed&quot;:{&quot;unit&quot;:&quot;px&quot;,&quot;size&quot;:7.1,&quot;sizes&quot;:[]},&quot;motion_fx_translateY_affectedRange&quot;:{&quot;unit&quot;:&quot;%&quot;,&quot;size&quot;:&quot;&quot;,&quot;sizes&quot;:{&quot;start&quot;:50,&quot;end&quot;:100}},&quot;motion_fx_devices&quot;:[&quot;desktop&quot;,&quot;tablet&quot;,&quot;mobile&quot;]}\">\n\t\t\t<div class=\"elementor-widget-wrap elementor-element-populated\">\n\t\t\t\t\t\t<div class=\"elementor-element elementor-element-2cd3c13 elementor-widget elementor-widget-image\" data-id=\"2cd3c13\" data-element_type=\"widget\" data-widget_type=\"image.default\">\n\t\t\t\t<div class=\"elementor-widget-container\">\n\t\t\t\t\t\t\t\t\t\t\t\t\t\t\t<img loading=\"lazy\" decoding=\"async\" width=\"740\" height=\"493\" src=\"https:\/\/flexbox.ch\/page\/wp-content\/uploads\/2023\/02\/surveillance-garde-meubles.jpg\" class=\"elementor-animation-bob attachment-medium_large size-medium_large wp-image-3910\" alt=\"surveillance-garde-meubles\" srcset=\"https:\/\/flexbox.ch\/page\/wp-content\/uploads\/2023\/02\/surveillance-garde-meubles.jpg 740w, https:\/\/flexbox.ch\/page\/wp-content\/uploads\/2023\/02\/surveillance-garde-meubles-300x200.jpg 300w\" sizes=\"(max-width: 740px) 100vw, 740px\" \/>\t\t\t\t\t\t\t\t\t\t\t\t\t\t\t<\/div>\n\t\t\t\t<\/div>\n\t\t\t\t<div class=\"elementor-element elementor-element-1bceb8d elementor-widget-divider--view-line elementor-widget elementor-widget-divider\" data-id=\"1bceb8d\" data-element_type=\"widget\" data-widget_type=\"divider.default\">\n\t\t\t\t<div class=\"elementor-widget-container\">\n\t\t\t\t\t\t\t<div class=\"elementor-divider\">\n\t\t\t<span class=\"elementor-divider-separator\">\n\t\t\t\t\t\t<\/span>\n\t\t<\/div>\n\t\t\t\t\t\t<\/div>\n\t\t\t\t<\/div>\n\t\t\t\t<div class=\"elementor-element elementor-element-11123c4 elementor-widget elementor-widget-image\" data-id=\"11123c4\" data-element_type=\"widget\" data-widget_type=\"image.default\">\n\t\t\t\t<div class=\"elementor-widget-container\">\n\t\t\t\t\t\t\t\t\t\t\t\t\t\t\t<img loading=\"lazy\" decoding=\"async\" width=\"768\" height=\"512\" src=\"https:\/\/flexbox.ch\/page\/wp-content\/uploads\/2022\/01\/shutterstock_100065062-768x512.jpg\" class=\"elementor-animation-bob attachment-medium_large size-medium_large wp-image-368\" alt=\"\" srcset=\"https:\/\/flexbox.ch\/page\/wp-content\/uploads\/2022\/01\/shutterstock_100065062-768x512.jpg 768w, https:\/\/flexbox.ch\/page\/wp-content\/uploads\/2022\/01\/shutterstock_100065062-300x200.jpg 300w, https:\/\/flexbox.ch\/page\/wp-content\/uploads\/2022\/01\/shutterstock_100065062-1024x683.jpg 1024w, https:\/\/flexbox.ch\/page\/wp-content\/uploads\/2022\/01\/shutterstock_100065062-1536x1024.jpg 1536w, https:\/\/flexbox.ch\/page\/wp-content\/uploads\/2022\/01\/shutterstock_100065062-2048x1365.jpg 2048w, https:\/\/flexbox.ch\/page\/wp-content\/uploads\/2022\/01\/shutterstock_100065062-scaled.jpg 1920w\" sizes=\"(max-width: 768px) 100vw, 768px\" \/>\t\t\t\t\t\t\t\t\t\t\t\t\t\t\t<\/div>\n\t\t\t\t<\/div>\n\t\t\t\t\t<\/div>\n\t\t<\/div>\n\t\t\t\t\t<\/div>\n\t\t<\/section>\n\t\t\t\t\t<\/div>\n\t\t<\/div>\n\t\t\t\t\t<\/div>\n\t\t<\/section>\n\t\t\t\t<\/div>\n\t\t","protected":false},"excerpt":{"rendered":"<p>Professionnels &#8211; Garde-meubles Vous avez un besoin d&rsquo;entreposage ? D\u00e9couvrez les avantages d&rsquo;un garde-meubles Tarif \/ r\u00e9servation \/ Devis Pourquoi les professionnels ont-ils besoin d&rsquo;un garde-meubles ? Les entreprises, en particulier les petites et moyennes entreprises, peuvent b\u00e9n\u00e9ficier d&rsquo;un espace de stockage suppl\u00e9mentaire, notamment pour stocker leurs produits et marchandises de fa\u00e7on s\u00e9curis\u00e9e. Les locaux [&hellip;]<\/p>\n","protected":false},"author":6,"featured_media":0,"parent":0,"menu_order":0,"comment_status":"closed","ping_status":"closed","template":"","meta":{"footnotes":""},"class_list":["post-4610","page","type-page","status-publish","hentry"],"aioseo_notices":[],"_links":{"self":[{"href":"https:\/\/flexbox.ch\/page\/wp-json\/wp\/v2\/pages\/4610","targetHints":{"allow":["GET"]}}],"collection":[{"href":"https:\/\/flexbox.ch\/page\/wp-json\/wp\/v2\/pages"}],"about":[{"href":"https:\/\/flexbox.ch\/page\/wp-json\/wp\/v2\/types\/page"}],"author":[{"embeddable":true,"href":"https:\/\/flexbox.ch\/page\/wp-json\/wp\/v2\/users\/6"}],"replies":[{"embeddable":true,"href":"https:\/\/flexbox.ch\/page\/wp-json\/wp\/v2\/comments?post=4610"}],"version-history":[{"count":18,"href":"https:\/\/flexbox.ch\/page\/wp-json\/wp\/v2\/pages\/4610\/revisions"}],"predecessor-version":[{"id":5059,"href":"https:\/\/flexbox.ch\/page\/wp-json\/wp\/v2\/pages\/4610\/revisions\/5059"}],"wp:attachment":[{"href":"https:\/\/flexbox.ch\/page\/wp-json\/wp\/v2\/media?parent=4610"}],"curies":[{"name":"wp","href":"https:\/\/api.w.org\/{rel}","templated":true}]}}